{"id":2794,"date":"2024-09-25T13:53:33","date_gmt":"2024-09-25T12:53:33","guid":{"rendered":"https:\/\/gfbcam.com\/?page_id=2794"},"modified":"2024-09-25T14:45:14","modified_gmt":"2024-09-25T13:45:14","slug":"notre-charte-dethique","status":"publish","type":"page","link":"https:\/\/gfbcam.com\/?page_id=2794","title":{"rendered":"Notre charte d&#8217;\u00e9thique"},"content":{"rendered":"\t\t<div data-elementor-type=\"wp-page\" data-elementor-id=\"2794\" class=\"elementor elementor-2794\">\n\t\t\t\t\t\t<section class=\"elementor-section elementor-top-section elementor-element elementor-element-64449b7 elementor-section-full_width elementor-section-height-min-height elementor-section-height-default elementor-section-items-middle wpr-particle-no wpr-jarallax-no wpr-parallax-no wpr-sticky-section-no\" data-id=\"64449b7\" data-element_type=\"section\">\n\t\t\t\t\t\t<div class=\"elementor-container elementor-column-gap-default\">\n\t\t\t\t\t<div class=\"elementor-column elementor-col-100 elementor-top-column elementor-element elementor-element-a866f9d\" data-id=\"a866f9d\" data-element_type=\"column\">\n\t\t\t<div class=\"elementor-widget-wrap elementor-element-populated\">\n\t\t\t\t\t\t<div class=\"elementor-element elementor-element-e0875bc elementor-widget elementor-widget-page-title\" data-id=\"e0875bc\" data-element_type=\"widget\" data-settings=\"{&quot;align&quot;:&quot;center&quot;}\" data-widget_type=\"page-title.default\">\n\t\t\t\t<div class=\"elementor-widget-container\">\n\t\t\t\t\t\t\t\n\t\t<div class=\"hfe-page-title hfe-page-title-wrapper elementor-widget-heading\">\n\n\t\t\t\t\t\t\t\t\t\t\t<a href=\"https:\/\/gfbcam.com\">\n\t\t\t\t\t\t<h1 class=\"elementor-heading-title elementor-size-default\">\n\t\t\t\t\t\t\t\t\n\t\t\t\tNotre charte d&#8217;\u00e9thique  \n\t\t\t<\/h1 > \n\t\t\t\t\t\t\t\t\t<\/a>\n\t\t\t\t\t<\/div>\n\t\t\t\t\t\t<\/div>\n\t\t\t\t<\/div>\n\t\t\t\t\t<\/div>\n\t\t<\/div>\n\t\t\t\t\t<\/div>\n\t\t<\/section>\n\t\t\t\t<section class=\"elementor-section elementor-top-section elementor-element elementor-element-ea2199e elementor-section-boxed elementor-section-height-default elementor-section-height-default wpr-particle-no wpr-jarallax-no wpr-parallax-no wpr-sticky-section-no\" data-id=\"ea2199e\" data-element_type=\"section\">\n\t\t\t\t\t\t<div class=\"elementor-container elementor-column-gap-default\">\n\t\t\t\t\t<div class=\"elementor-column elementor-col-100 elementor-top-column elementor-element elementor-element-676cfd9\" data-id=\"676cfd9\" data-element_type=\"column\">\n\t\t\t<div class=\"elementor-widget-wrap elementor-element-populated\">\n\t\t\t\t\t\t<div class=\"elementor-element elementor-element-654d754 elementor-widget elementor-widget-text-editor\" data-id=\"654d754\" data-element_type=\"widget\" data-widget_type=\"text-editor.default\">\n\t\t\t\t<div class=\"elementor-widget-container\">\n\t\t\t\t\t\t\t\t\t<p>Moi, entreprise citoyenne, membre de l\u00b4association GFBC, je m\u00b4engage \u00e0 :<\/p><ol><li>M\u00b4abstenir de toutes op\u00e9rations illicites, et donc \u00e0 ne pas participer \u00e0 des op\u00e9rations de fraude, de corruption, de blanchiment d\u00b4argent ou \u00e0 d\u00b4autres pratiques v\u00e9nales, ni \u00e0 les tol\u00e9rer,<\/li><li>Contribuer activement \u00e0 enrayer le fl\u00e9au de la fraude et de la corruption, notamment en ce qui concerne la sortie de bois ill\u00e9gaux,<\/li><li>Ne pas faire obstacle \u00e0 la bonne marche de la justice,<\/li><li>Avoir unes gestion financi\u00e8re saine et transparente,<\/li><li>Respecter les r\u00e8gles nationales et internationales qui r\u00e9gissent le droit des affaires,<\/li><li>Honorer mes obligations vis-\u00e0-vis de mes fournisseurs, de mes clients et de mes concurrents, dans un esprit d\u00b4honn\u00eatet\u00e9 et de loyaut\u00e9,<\/li><li>Respecter mes obligation vis-\u00e0-vis de l\u00b4Etat, en me conformant aux lois et r\u00e8glements en vigueur au Cameroun, notamment en ce qui concerne le domaine forestier, l\u00b4environnement, la fiscalit\u00e9 et le droit social,<\/li><li>Contribuer au progr\u00e8s social, en cr\u00e9ant des emplois productifs et en am\u00e9liorant le mieux \u00eatre des populations locales,<\/li><li>Valoriser l\u00b4homme en pla\u00e7ant au c\u0153ur du d\u00e9veloppement de mon entreprise,<\/li><li>G\u00e9rer durablement les concessions foresti\u00e8res qui me sont attribu\u00e9es, tout en pr\u00e9servant l\u00b4environnement et la faune,<\/li><li>Acheter des bois l\u00e9gaux, et en apporter la preuve si besoin est,<\/li><li>Rechercher \u00e0 optimiser les de transformation de bois,<\/li><li>Assurer le contr\u00f4le de la cha\u00eene de production,<\/li><li>Contribuer \u00e0 la valorisation des produits transform\u00e9s au Cameroun,<\/li><li>Veiller \u00e0 ce que mes partenaires exploitants forestiers, am\u00e9nagistes, transporteurs et sous traitants soient aussi l\u00e9galistes et partagent ces valeurs.<\/li><\/ol><p>En signant la pr\u00e9sente charte, je m\u00b4engage \u00e0 la diffuser au pr\u00e8s de l\u00b4ensemble des partenaires de mon entreprise\u00a0: clients, fournisseurs, salari\u00e9s, actionnaires.<\/p><p>\u00a0<\/p>\t\t\t\t\t\t\t\t<\/div>\n\t\t\t\t<\/div>\n\t\t\t\t\t<\/div>\n\t\t<\/div>\n\t\t\t\t\t<\/div>\n\t\t<\/section>\n\t\t\t\t<section class=\"elementor-section elementor-top-section elementor-element elementor-element-ba6b80f elementor-section-boxed elementor-section-height-default elementor-section-height-default wpr-particle-no wpr-jarallax-no wpr-parallax-no wpr-sticky-section-no\" data-id=\"ba6b80f\" data-element_type=\"section\">\n\t\t\t\t\t\t<div class=\"elementor-container elementor-column-gap-default\">\n\t\t\t\t\t<div class=\"elementor-column elementor-col-100 elementor-top-column elementor-element elementor-element-090897a\" data-id=\"090897a\" data-element_type=\"column\">\n\t\t\t<div class=\"elementor-widget-wrap elementor-element-populated\">\n\t\t\t\t\t\t<div class=\"elementor-element elementor-element-b7ee83c elementor-widget elementor-widget-text-editor\" data-id=\"b7ee83c\" data-element_type=\"widget\" data-widget_type=\"text-editor.default\">\n\t\t\t\t<div class=\"elementor-widget-container\">\n\t\t\t\t\t\t\t\t\t<h6>\u00ab Ensemble, g\u00e9rons durablement la for\u00eat pour d\u00e9velopper l\u00b4industrie et contribuer au progr\u00e8s social \u00bb<\/h6>\t\t\t\t\t\t\t\t<\/div>\n\t\t\t\t<\/div>\n\t\t\t\t\t<\/div>\n\t\t<\/div>\n\t\t\t\t\t<\/div>\n\t\t<\/section>\n\t\t\t\t<\/div>\n\t\t","protected":false},"excerpt":{"rendered":"<p>&nbsp; Notre charte d\u2019\u00e9thique &lt;\/h1 &gt; Moi, entreprise citoyenne, membre de l\u00b4association GFBC, je m\u00b4engage \u00e0 : M\u00b4abstenir de toutes op\u00e9rations illicites, et donc \u00e0 ne pas participer \u00e0 des op\u00e9rations de fraude, de corruption, de blanchiment d\u00b4argent ou \u00e0 d\u00b4autres pratiques v\u00e9nales, ni \u00e0 les tol\u00e9rer, Contribuer activement \u00e0 enrayer le fl\u00e9au de la fraude et de la corruption, notamment en ce qui concerne la sortie de bois ill\u00e9gaux, Ne pas faire obstacle \u00e0 la bonne marche de la justice, Avoir unes gestion financi\u00e8re saine et transparente, Respecter les r\u00e8gles nationales et internationales qui r\u00e9gissent le droit des affaires, Honorer mes obligations vis-\u00e0-vis de mes fournisseurs, de mes clients et de mes concurrents, dans un esprit d\u00b4honn\u00eatet\u00e9 et de loyaut\u00e9, Respecter mes obligation vis-\u00e0-vis de l\u00b4Etat, en me conformant aux lois et r\u00e8glements en vigueur au Cameroun, notamment en ce qui concerne le domaine forestier, l\u00b4environnement, la fiscalit\u00e9 et le droit social, Contribuer au progr\u00e8s social, en cr\u00e9ant des emplois productifs et en am\u00e9liorant le mieux \u00eatre des populations locales, Valoriser l\u00b4homme en pla\u00e7ant au c\u0153ur du d\u00e9veloppement de mon entreprise, G\u00e9rer durablement les concessions foresti\u00e8res qui me sont attribu\u00e9es, tout en pr\u00e9servant l\u00b4environnement et la faune, Acheter des bois l\u00e9gaux, et en apporter la preuve si besoin est, Rechercher \u00e0 optimiser les de transformation de bois, Assurer le contr\u00f4le de la cha\u00eene de production, Contribuer \u00e0 la valorisation des produits transform\u00e9s au Cameroun, Veiller \u00e0 ce que mes partenaires exploitants forestiers, am\u00e9nagistes, transporteurs et sous traitants soient aussi l\u00e9galistes et partagent ces valeurs. En signant la pr\u00e9sente charte, je m\u00b4engage \u00e0 la diffuser au pr\u00e8s de l\u00b4ensemble des partenaires de mon entreprise\u00a0: clients, fournisseurs, salari\u00e9s, actionnaires. \u00ab Ensemble, g\u00e9rons durablement la for\u00eat pour d\u00e9velopper l\u00b4industrie et contribuer au progr\u00e8s social \u00bb<\/p>\n","protected":false},"author":3,"featured_media":0,"parent":0,"menu_order":0,"comment_status":"closed","ping_status":"closed","template":"elementor_theme","meta":{"_acf_changed":false,"footnotes":""},"class_list":["post-2794","page","type-page","status-publish","hentry"],"acf":[],"yoast_head":"<!-- This site is optimized with the Yoast SEO plugin v24.4 - https:\/\/yoast.com\/wordpress\/plugins\/seo\/ -->\n<title>Notre charte d&#039;\u00e9thique - Groupement de la Fili\u00e8re Bois au Cameroun | GFBC<\/title>\n<meta name=\"robots\" content=\"index, follow, max-snippet:-1, max-image-preview:large, max-video-preview:-1\" \/>\n<link rel=\"canonical\" href=\"https:\/\/gfbcam.com\/?page_id=2794\" \/>\n<meta property=\"og:locale\" content=\"fr_FR\" \/>\n<meta property=\"og:type\" content=\"article\" \/>\n<meta property=\"og:title\" content=\"Notre charte d&#039;\u00e9thique - Groupement de la Fili\u00e8re Bois au Cameroun | GFBC\" \/>\n<meta property=\"og:description\" content=\"&nbsp; Notre charte d\u2019\u00e9thique &lt;\/h1 &gt; Moi, entreprise citoyenne, membre de l\u00b4association GFBC, je m\u00b4engage \u00e0 : M\u00b4abstenir de toutes op\u00e9rations illicites, et donc \u00e0 ne pas participer \u00e0 des op\u00e9rations de fraude, de corruption, de blanchiment d\u00b4argent ou \u00e0 d\u00b4autres pratiques v\u00e9nales, ni \u00e0 les tol\u00e9rer, Contribuer activement \u00e0 enrayer le fl\u00e9au de la fraude et de la corruption, notamment en ce qui concerne la sortie de bois ill\u00e9gaux, Ne pas faire obstacle \u00e0 la bonne marche de la justice, Avoir unes gestion financi\u00e8re saine et transparente, Respecter les r\u00e8gles nationales et internationales qui r\u00e9gissent le droit des affaires, Honorer mes obligations vis-\u00e0-vis de mes fournisseurs, de mes clients et de mes concurrents, dans un esprit d\u00b4honn\u00eatet\u00e9 et de loyaut\u00e9, Respecter mes obligation vis-\u00e0-vis de l\u00b4Etat, en me conformant aux lois et r\u00e8glements en vigueur au Cameroun, notamment en ce qui concerne le domaine forestier, l\u00b4environnement, la fiscalit\u00e9 et le droit social, Contribuer au progr\u00e8s social, en cr\u00e9ant des emplois productifs et en am\u00e9liorant le mieux \u00eatre des populations locales, Valoriser l\u00b4homme en pla\u00e7ant au c\u0153ur du d\u00e9veloppement de mon entreprise, G\u00e9rer durablement les concessions foresti\u00e8res qui me sont attribu\u00e9es, tout en pr\u00e9servant l\u00b4environnement et la faune, Acheter des bois l\u00e9gaux, et en apporter la preuve si besoin est, Rechercher \u00e0 optimiser les de transformation de bois, Assurer le contr\u00f4le de la cha\u00eene de production, Contribuer \u00e0 la valorisation des produits transform\u00e9s au Cameroun, Veiller \u00e0 ce que mes partenaires exploitants forestiers, am\u00e9nagistes, transporteurs et sous traitants soient aussi l\u00e9galistes et partagent ces valeurs. En signant la pr\u00e9sente charte, je m\u00b4engage \u00e0 la diffuser au pr\u00e8s de l\u00b4ensemble des partenaires de mon entreprise\u00a0: clients, fournisseurs, salari\u00e9s, actionnaires. \u00ab Ensemble, g\u00e9rons durablement la for\u00eat pour d\u00e9velopper l\u00b4industrie et contribuer au progr\u00e8s social \u00bb\" \/>\n<meta property=\"og:url\" content=\"https:\/\/gfbcam.com\/?page_id=2794\" \/>\n<meta property=\"og:site_name\" content=\"Groupement de la Fili\u00e8re Bois au Cameroun | GFBC\" \/>\n<meta property=\"article:modified_time\" content=\"2024-09-25T13:45:14+00:00\" \/>\n<meta name=\"twitter:card\" content=\"summary_large_image\" \/>\n<meta name=\"twitter:label1\" content=\"Dur\u00e9e de lecture estim\u00e9e\" \/>\n\t<meta name=\"twitter:data1\" content=\"2 minutes\" \/>\n<script type=\"application\/ld+json\" class=\"yoast-schema-graph\">{\"@context\":\"https:\/\/schema.org\",\"@graph\":[{\"@type\":\"WebPage\",\"@id\":\"https:\/\/gfbcam.com\/?page_id=2794\",\"url\":\"https:\/\/gfbcam.com\/?page_id=2794\",\"name\":\"Notre charte d'\u00e9thique - Groupement de la Fili\u00e8re Bois au Cameroun | GFBC\",\"isPartOf\":{\"@id\":\"https:\/\/gfbcam.com\/#website\"},\"datePublished\":\"2024-09-25T12:53:33+00:00\",\"dateModified\":\"2024-09-25T13:45:14+00:00\",\"breadcrumb\":{\"@id\":\"https:\/\/gfbcam.com\/?page_id=2794#breadcrumb\"},\"inLanguage\":\"fr-FR\",\"potentialAction\":[{\"@type\":\"ReadAction\",\"target\":[\"https:\/\/gfbcam.com\/?page_id=2794\"]}]},{\"@type\":\"BreadcrumbList\",\"@id\":\"https:\/\/gfbcam.com\/?page_id=2794#breadcrumb\",\"itemListElement\":[{\"@type\":\"ListItem\",\"position\":1,\"name\":\"Accueil\",\"item\":\"https:\/\/gfbcam.com\/\"},{\"@type\":\"ListItem\",\"position\":2,\"name\":\"Notre charte d&#8217;\u00e9thique\"}]},{\"@type\":\"WebSite\",\"@id\":\"https:\/\/gfbcam.com\/#website\",\"url\":\"https:\/\/gfbcam.com\/\",\"name\":\"Groupement de la Fili\u00e8re Bois au Cameroun | GFBC\",\"description\":\"Organisation patronale sectorielle des exploitants forestiers du Cameroun\",\"publisher\":{\"@id\":\"https:\/\/gfbcam.com\/#organization\"},\"potentialAction\":[{\"@type\":\"SearchAction\",\"target\":{\"@type\":\"EntryPoint\",\"urlTemplate\":\"https:\/\/gfbcam.com\/?s={search_term_string}\"},\"query-input\":{\"@type\":\"PropertyValueSpecification\",\"valueRequired\":true,\"valueName\":\"search_term_string\"}}],\"inLanguage\":\"fr-FR\"},{\"@type\":\"Organization\",\"@id\":\"https:\/\/gfbcam.com\/#organization\",\"name\":\"Groupement de la Fili\u00e8re Bois au Cameroun | GFBC\",\"url\":\"https:\/\/gfbcam.com\/\",\"logo\":{\"@type\":\"ImageObject\",\"inLanguage\":\"fr-FR\",\"@id\":\"https:\/\/gfbcam.com\/#\/schema\/logo\/image\/\",\"url\":\"https:\/\/gfbcam.com\/wp-content\/uploads\/2024\/05\/cropped-logo_GFBC.png\",\"contentUrl\":\"https:\/\/gfbcam.com\/wp-content\/uploads\/2024\/05\/cropped-logo_GFBC.png\",\"width\":200,\"height\":104,\"caption\":\"Groupement de la Fili\u00e8re Bois au Cameroun | GFBC\"},\"image\":{\"@id\":\"https:\/\/gfbcam.com\/#\/schema\/logo\/image\/\"}}]}<\/script>\n<!-- \/ Yoast SEO plugin. -->","yoast_head_json":{"title":"Notre charte d'\u00e9thique - Groupement de la Fili\u00e8re Bois au Cameroun | GFBC","robots":{"index":"index","follow":"follow","max-snippet":"max-snippet:-1","max-image-preview":"max-image-preview:large","max-video-preview":"max-video-preview:-1"},"canonical":"https:\/\/gfbcam.com\/?page_id=2794","og_locale":"fr_FR","og_type":"article","og_title":"Notre charte d'\u00e9thique - Groupement de la Fili\u00e8re Bois au Cameroun | GFBC","og_description":"&nbsp; Notre charte d\u2019\u00e9thique &lt;\/h1 &gt; Moi, entreprise citoyenne, membre de l\u00b4association GFBC, je m\u00b4engage \u00e0 : M\u00b4abstenir de toutes op\u00e9rations illicites, et donc \u00e0 ne pas participer \u00e0 des op\u00e9rations de fraude, de corruption, de blanchiment d\u00b4argent ou \u00e0 d\u00b4autres pratiques v\u00e9nales, ni \u00e0 les tol\u00e9rer, Contribuer activement \u00e0 enrayer le fl\u00e9au de la fraude et de la corruption, notamment en ce qui concerne la sortie de bois ill\u00e9gaux, Ne pas faire obstacle \u00e0 la bonne marche de la justice, Avoir unes gestion financi\u00e8re saine et transparente, Respecter les r\u00e8gles nationales et internationales qui r\u00e9gissent le droit des affaires, Honorer mes obligations vis-\u00e0-vis de mes fournisseurs, de mes clients et de mes concurrents, dans un esprit d\u00b4honn\u00eatet\u00e9 et de loyaut\u00e9, Respecter mes obligation vis-\u00e0-vis de l\u00b4Etat, en me conformant aux lois et r\u00e8glements en vigueur au Cameroun, notamment en ce qui concerne le domaine forestier, l\u00b4environnement, la fiscalit\u00e9 et le droit social, Contribuer au progr\u00e8s social, en cr\u00e9ant des emplois productifs et en am\u00e9liorant le mieux \u00eatre des populations locales, Valoriser l\u00b4homme en pla\u00e7ant au c\u0153ur du d\u00e9veloppement de mon entreprise, G\u00e9rer durablement les concessions foresti\u00e8res qui me sont attribu\u00e9es, tout en pr\u00e9servant l\u00b4environnement et la faune, Acheter des bois l\u00e9gaux, et en apporter la preuve si besoin est, Rechercher \u00e0 optimiser les de transformation de bois, Assurer le contr\u00f4le de la cha\u00eene de production, Contribuer \u00e0 la valorisation des produits transform\u00e9s au Cameroun, Veiller \u00e0 ce que mes partenaires exploitants forestiers, am\u00e9nagistes, transporteurs et sous traitants soient aussi l\u00e9galistes et partagent ces valeurs. En signant la pr\u00e9sente charte, je m\u00b4engage \u00e0 la diffuser au pr\u00e8s de l\u00b4ensemble des partenaires de mon entreprise\u00a0: clients, fournisseurs, salari\u00e9s, actionnaires. \u00ab Ensemble, g\u00e9rons durablement la for\u00eat pour d\u00e9velopper l\u00b4industrie et contribuer au progr\u00e8s social \u00bb","og_url":"https:\/\/gfbcam.com\/?page_id=2794","og_site_name":"Groupement de la Fili\u00e8re Bois au Cameroun | GFBC","article_modified_time":"2024-09-25T13:45:14+00:00","twitter_card":"summary_large_image","twitter_misc":{"Dur\u00e9e de lecture estim\u00e9e":"2 minutes"},"schema":{"@context":"https:\/\/schema.org","@graph":[{"@type":"WebPage","@id":"https:\/\/gfbcam.com\/?page_id=2794","url":"https:\/\/gfbcam.com\/?page_id=2794","name":"Notre charte d'\u00e9thique - Groupement de la Fili\u00e8re Bois au Cameroun | GFBC","isPartOf":{"@id":"https:\/\/gfbcam.com\/#website"},"datePublished":"2024-09-25T12:53:33+00:00","dateModified":"2024-09-25T13:45:14+00:00","breadcrumb":{"@id":"https:\/\/gfbcam.com\/?page_id=2794#breadcrumb"},"inLanguage":"fr-FR","potentialAction":[{"@type":"ReadAction","target":["https:\/\/gfbcam.com\/?page_id=2794"]}]},{"@type":"BreadcrumbList","@id":"https:\/\/gfbcam.com\/?page_id=2794#breadcrumb","itemListElement":[{"@type":"ListItem","position":1,"name":"Accueil","item":"https:\/\/gfbcam.com\/"},{"@type":"ListItem","position":2,"name":"Notre charte d&#8217;\u00e9thique"}]},{"@type":"WebSite","@id":"https:\/\/gfbcam.com\/#website","url":"https:\/\/gfbcam.com\/","name":"Groupement de la Fili\u00e8re Bois au Cameroun | GFBC","description":"Organisation patronale sectorielle des exploitants forestiers du Cameroun","publisher":{"@id":"https:\/\/gfbcam.com\/#organization"},"potentialAction":[{"@type":"SearchAction","target":{"@type":"EntryPoint","urlTemplate":"https:\/\/gfbcam.com\/?s={search_term_string}"},"query-input":{"@type":"PropertyValueSpecification","valueRequired":true,"valueName":"search_term_string"}}],"inLanguage":"fr-FR"},{"@type":"Organization","@id":"https:\/\/gfbcam.com\/#organization","name":"Groupement de la Fili\u00e8re Bois au Cameroun | GFBC","url":"https:\/\/gfbcam.com\/","logo":{"@type":"ImageObject","inLanguage":"fr-FR","@id":"https:\/\/gfbcam.com\/#\/schema\/logo\/image\/","url":"https:\/\/gfbcam.com\/wp-content\/uploads\/2024\/05\/cropped-logo_GFBC.png","contentUrl":"https:\/\/gfbcam.com\/wp-content\/uploads\/2024\/05\/cropped-logo_GFBC.png","width":200,"height":104,"caption":"Groupement de la Fili\u00e8re Bois au Cameroun | GFBC"},"image":{"@id":"https:\/\/gfbcam.com\/#\/schema\/logo\/image\/"}}]}},"_links":{"self":[{"href":"https:\/\/gfbcam.com\/index.php?rest_route=\/wp\/v2\/pages\/2794","targetHints":{"allow":["GET"]}}],"collection":[{"href":"https:\/\/gfbcam.com\/index.php?rest_route=\/wp\/v2\/pages"}],"about":[{"href":"https:\/\/gfbcam.com\/index.php?rest_route=\/wp\/v2\/types\/page"}],"author":[{"embeddable":true,"href":"https:\/\/gfbcam.com\/index.php?rest_route=\/wp\/v2\/users\/3"}],"replies":[{"embeddable":true,"href":"https:\/\/gfbcam.com\/index.php?rest_route=%2Fwp%2Fv2%2Fcomments&post=2794"}],"version-history":[{"count":0,"href":"https:\/\/gfbcam.com\/index.php?rest_route=\/wp\/v2\/pages\/2794\/revisions"}],"wp:attachment":[{"href":"https:\/\/gfbcam.com\/index.php?rest_route=%2Fwp%2Fv2%2Fmedia&parent=2794"}],"curies":[{"name":"wp","href":"https:\/\/api.w.org\/{rel}","templated":true}]}}